{"id":133,"date":"2018-06-12T07:46:01","date_gmt":"2018-06-12T07:46:01","guid":{"rendered":"http:\/\/vkdszsz.hu\/?page_id=133"},"modified":"2020-11-26T12:36:10","modified_gmt":"2020-11-26T12:36:10","slug":"tagszervezetek","status":"publish","type":"page","link":"https:\/\/vkdszsz.hu\/?page_id=133","title":{"rendered":"Tagszervezetek"},"content":{"rendered":"<h2>VKDSZ Tagszervezetek:<\/h2>\n<p>&nbsp;<\/p>\n<table width=\"100%\">\n<tbody>\n<tr>\n<td width=\"47\"><strong>1.<\/strong><\/td>\n<td width=\"499\"><a href=\"https:\/\/www.alfoldviz.hu\/\"><strong>ALF\u00d6LDV\u00cdZ Szakszervezet<\/strong><\/a><\/td>\n<td width=\"113\"><strong>B\u00e9k\u00e9scsaba<\/strong><\/td>\n<\/tr>\n<tr>\n<td width=\"47\"><strong>2.<\/strong><\/td>\n<td width=\"499\"><strong><a href=\"http:\/\/www.bakonykarsztrt.hu\/\">BAKONYKARSZT Munkahelyi Szakszervezet<\/a>\u00a0\u00a0 <\/strong><\/td>\n<td width=\"113\"><strong>Veszpr\u00e9m<\/strong><\/td>\n<\/tr>\n<tr>\n<td width=\"47\"><strong>3.<\/strong><\/td>\n<td width=\"499\"><a href=\"http:\/\/www.baranyaviz.hu\/\"><strong>BARANYA-V\u00cdZ Zrt.<\/strong> <strong>Munkahelyi Szakszervezete<\/strong><\/a><\/td>\n<td width=\"113\"><strong>Koml\u00f3<\/strong><\/td>\n<\/tr>\n<tr>\n<td width=\"47\"><strong>4.<\/strong><\/td>\n<td width=\"499\"><a href=\"http:\/\/www.budapestgyogyfurdoi.hu\/\"><strong>Budapest Gy\u00f3gyf\u00fcrd\u0151i Zrt. Munkahelyi Szakszervezete<\/strong><\/a><\/td>\n<td width=\"113\"><strong>Budapest<\/strong><\/td>\n<\/tr>\n<tr>\n<td width=\"47\"><strong>5.<\/strong><\/td>\n<td width=\"499\"><a href=\"http:\/\/bukfurdo.hu\/\"><strong>B\u00fcki Gy\u00f3gyf\u00fcrd\u0151 Zrt. Munkahelyi Szakszervezete<\/strong><\/a><\/td>\n<td width=\"113\"><strong>B\u00fckf\u00fcrd\u0151<\/strong><\/td>\n<\/tr>\n<tr>\n<td width=\"47\"><strong>6.<\/strong><\/td>\n<td width=\"499\"><a href=\"http:\/\/www.debreceni-vizmu.hu\/\"><strong>Debreceni V\u00edzm\u0171 Dolgoz\u00f3k Munkahelyi Szakszervezete<\/strong><\/a><\/td>\n<td width=\"113\"><strong>Debrecen<\/strong><\/td>\n<\/tr>\n<tr>\n<td width=\"47\"><strong>7.<\/strong><\/td>\n<td width=\"499\"><a href=\"http:\/\/www.dzviz.hu\/\"><strong>D\u00e9lzalai V\u00edz- \u00e9s Csatornam\u0171 Zrt. F\u00fcggetlen M. Szakszervezet<\/strong><\/a><\/td>\n<td width=\"113\"><strong>Nagykanizsa<\/strong><\/td>\n<\/tr>\n<tr>\n<td width=\"47\"><strong>8.<\/strong><\/td>\n<td width=\"499\"><a href=\"http:\/\/www.erdivizmuvek.hu\/\"><strong>\u00c9rd \u00e9s T\u00e9rs\u00e9ge V\u00edzik\u00f6zm\u0171 Kft. Munkahelyi Szakszervezete<\/strong><\/a><\/td>\n<td width=\"113\"><strong>\u00c9rd<\/strong><\/td>\n<\/tr>\n<tr>\n<td width=\"47\"><strong>9.<\/strong><\/td>\n<td width=\"499\"><a href=\"http:\/\/www.ervrt.hu\/\"><strong>\u00c9RV Zrt. VKDSZ Munkahelyi Szakszervezete<\/strong><\/a><\/td>\n<td width=\"113\"><strong>Kazincbarcika<\/strong><\/td>\n<\/tr>\n<tr>\n<td width=\"47\"><strong>10.<\/strong><\/td>\n<td width=\"499\"><a href=\"https:\/\/www.zalaviz.hu\/\"><strong>\u00c9szak-zalai V\u00edz- \u00e9s Csatornam\u0171 Zrt. Munkahelyi Szakszervezet<\/strong><\/a><\/td>\n<td width=\"113\"><strong>Zalaegerszeg<\/strong><\/td>\n<\/tr>\n<tr>\n<td width=\"47\"><strong>11.<\/strong><\/td>\n<td width=\"499\"><a href=\"http:\/\/www.fejerviz.hu\/\"><strong>FEJ\u00c9RV\u00cdZ Zrt. Munkahelyi Szakszervezete<\/strong><\/a><\/td>\n<td width=\"113\"><strong>Sz\u00e9kesfeh\u00e9rv\u00e1r<\/strong><\/td>\n<\/tr>\n<tr>\n<td width=\"47\"><strong>12.<\/strong><\/td>\n<td width=\"499\"><a href=\"http:\/\/www.fcsm.hu\/\"><strong>F\u0151v\u00e1rosi Csatorn\u00e1z\u00e1si M\u0171vek Zrt. Munkahelyi Szakszervezete<\/strong><\/a><\/td>\n<td width=\"113\"><strong>Budapest<\/strong><\/td>\n<\/tr>\n<tr>\n<td width=\"47\"><strong>13.<\/strong><\/td>\n<td width=\"499\"><a href=\"http:\/\/www.gyaviv.hu\/\"><strong>D\u00e9l-Pest Megyei V\u00edzik\u00f6zm\u0171 Szolg\u00e1ltat\u00f3 Zrt. Szakszervezete, Gy\u00e1l<\/strong><\/a><\/td>\n<td width=\"113\"><strong>Gy\u00e1l<\/strong><\/td>\n<\/tr>\n<tr>\n<td width=\"47\"><strong>14.<\/strong><\/td>\n<td width=\"499\"><a href=\"http:\/\/www.gyulaikozuzem.hu\/\"><strong>Gyulai K\u00f6z\u00fczemi Nonprofit Kft. Munkahelyi Szakszervezete<\/strong><\/a><\/td>\n<td width=\"113\"><strong>Gyula<\/strong><\/td>\n<\/tr>\n<tr>\n<td width=\"47\"><strong>15.<\/strong><\/td>\n<td width=\"499\"><a href=\"http:\/\/www.hajduviz.hu\/\"><strong>Hajd\u00fa-Bihari V\u00edz\u00fcgyi Dolgoz\u00f3k F\u00fcggetlen Szakszervezete<\/strong><\/a><\/td>\n<td width=\"113\"><strong>Debrecen<\/strong><\/td>\n<\/tr>\n<tr>\n<td width=\"47\"><strong>16.<\/strong><\/td>\n<td width=\"499\"><a href=\"http:\/\/www.halasviz.eu\/\"><strong>Halasv\u00edz Kft. Munkahelyi Szakszervezete<\/strong><\/a><\/td>\n<td width=\"113\"><strong>Kiskunhalas<\/strong><\/td>\n<\/tr>\n<tr>\n<td width=\"47\"><strong>17.<\/strong><\/td>\n<td width=\"499\"><a href=\"http:\/\/www.harkanyfurdo.hu\/\"><strong>Hark\u00e1nyi Gy\u00f3gyf\u00fcrd\u0151 Zrt. Munkahelyi Szakszervezete<\/strong><\/a><\/td>\n<td width=\"113\"><strong>Hark\u00e1ny<\/strong><\/td>\n<\/tr>\n<tr>\n<td width=\"47\"><strong>18.<\/strong><\/td>\n<td width=\"499\"><a href=\"http:\/\/www.hmvizmurt.hu\/\"><strong>Heves Megyei V\u00edzm\u0171 Zrt. Munkahelyi Szakszervezete<\/strong><\/a><\/td>\n<td width=\"113\"><strong>Eger<\/strong><\/td>\n<\/tr>\n<tr>\n<td width=\"47\"><strong>19.<\/strong><\/td>\n<td width=\"499\"><a href=\"http:\/\/www.hungarospa.hu\/\"><strong>HUNGAROSPA Hajd\u00faszoboszl\u00f3i Gy\u00f3gyf\u00fcrd\u0151 Zrt. M. Szaksz.<\/strong><\/a><\/td>\n<td width=\"113\"><strong>Hajd\u00faszoboszl\u00f3<\/strong><\/td>\n<\/tr>\n<tr>\n<td width=\"47\"><strong>20.<\/strong><\/td>\n<td width=\"499\"><a href=\"http:\/\/www.vcsm.hu\/\"><strong>JNKSZ Megyei VKD Szakszervezet, Megyei Szervezete<\/strong><\/a><\/td>\n<td width=\"113\"><strong>Szolnok<\/strong><\/td>\n<\/tr>\n<tr>\n<td width=\"47\"><strong>21.<\/strong><\/td>\n<td width=\"499\"><a href=\"http:\/\/www.kalocsaviz.hu\/\"><strong>KALOCSAV\u00cdZ Kft. Munkahelyi Szakszervezete<\/strong><\/a><\/td>\n<td width=\"113\"><strong>Kalocsa<\/strong><\/td>\n<\/tr>\n<tr>\n<td width=\"47\"><strong>22.<\/strong><\/td>\n<td width=\"499\"><a href=\"http:\/\/www.miviz.hu\/\"><strong>MIV\u00cdZ Kft.\u00a0 Munkahelyi Szakszervezet<\/strong><\/a><\/td>\n<td width=\"113\"><strong>Miskolc<\/strong><\/td>\n<\/tr>\n<tr>\n<td width=\"47\"><strong>23.<\/strong><\/td>\n<td width=\"499\"><strong><a href=\"http:\/\/www.nyirsegviz.hu\/\">Ny\u00edregyh\u00e1za \u00e9s T\u00e9rs\u00e9ge V\u00edz- \u00e9s Csatornam\u0171 V\u00e1llalat M. Szaksz.\u00a0\u00a0\u00a0<\/a>\u00a0\u00a0\u00a0\u00a0\u00a0\u00a0\u00a0\u00a0\u00a0\u00a0\u00a0\u00a0\u00a0\u00a0\u00a0\u00a0\u00a0\u00a0\u00a0\u00a0\u00a0\u00a0\u00a0\u00a0\u00a0 <\/strong><\/td>\n<td width=\"113\"><strong>Ny\u00edregyh\u00e1za<\/strong><\/td>\n<\/tr>\n<tr>\n<td width=\"47\"><strong>24.<\/strong><\/td>\n<td width=\"499\"><a href=\"http:\/\/www.pannon-viz.hu\/\"><strong>Pannon\u2014V\u00edz Zrt., \u00e9s AQUA Kft. Munkahelyi Szakszervezete, Gy\u0151r<\/strong><\/a><\/td>\n<td width=\"113\"><strong>Gy\u0151r<\/strong><\/td>\n<\/tr>\n<tr>\n<td width=\"47\"><strong>25.<\/strong><\/td>\n<td width=\"499\"><a href=\"http:\/\/www.sopviz.hu\/\"><strong>Soproni V\u00edzm\u0171 Zrt. Szakszervezete<\/strong><\/a><\/td>\n<td width=\"113\"><strong>Sopron<\/strong><\/td>\n<\/tr>\n<tr>\n<td width=\"47\"><strong>26.<\/strong><\/td>\n<td width=\"499\"><a href=\"https:\/\/www.szegedivizmu.hu\/\"><strong>Szegedi V\u00edzm\u0171 Szakszervezeti Bizotts\u00e1ga<\/strong><\/a><\/td>\n<td width=\"113\"><strong>Szeged<\/strong><\/td>\n<\/tr>\n<tr>\n<td width=\"47\"><strong>27.<\/strong><\/td>\n<td width=\"499\"><a href=\"http:\/\/www.tvrt.hu\/\"><strong>Tiszamenti Region\u00e1lis V\u00edzm\u0171vek Zrt. M. Szakszervezete<\/strong><\/a><\/td>\n<td width=\"113\"><strong>Szolnok<\/strong><\/td>\n<\/tr>\n<tr>\n<td width=\"47\"><strong>28.<\/strong><\/td>\n<td width=\"499\"><a href=\"http:\/\/www.drv.hu\/\"><strong>VKDSZ DRV.\u00a0 Zrt. Munkahelyi Szakszervezete<\/strong><\/a><\/td>\n<td width=\"113\"><strong>Si\u00f3fok<\/strong><\/td>\n<\/tr>\n<tr>\n<td width=\"47\"><strong>29.<\/strong><\/td>\n<td width=\"499\"><strong>V\u00edz\u00fcgyi Dolgoz\u00f3k Region\u00e1lis Szakszervezete <\/strong><\/td>\n<td width=\"113\"><strong>Tatab\u00e1nya, Dabas <\/strong><\/td>\n<\/tr>\n<tr>\n<td width=\"47\"><strong>30.<\/strong><\/td>\n<td width=\"499\"><a href=\"https:\/\/vizcenter.hu\/erv\/szemelyes_ugyfelkapcsolat?iroda=10\"><strong>Salg\u00f3tarj\u00e1n \u00e9s K\u00f6rny\u00e9ke V\u00edzm\u0171 Szakszervezeti Bizotts\u00e1ga, Salg\u00f3tarj\u00e1n<\/strong><\/a><\/td>\n<td width=\"113\"><strong>Salg\u00f3tarj\u00e1n<\/strong><\/td>\n<\/tr>\n<\/tbody>\n<\/table>\n","protected":false},"excerpt":{"rendered":"<p>VKDSZ Tagszervezetek: &nbsp; 1. ALF\u00d6LDV\u00cdZ Szakszervezet B\u00e9k\u00e9scsaba 2. BAKONYKARSZT Munkahelyi Szakszervezet\u00a0\u00a0 Veszpr\u00e9m 3. BARANYA-V\u00cdZ Zrt. Munkahelyi Szakszervezete Koml\u00f3 4. Budapest Gy\u00f3gyf\u00fcrd\u0151i Zrt. Munkahelyi Szakszervezete Budapest 5. B\u00fcki Gy\u00f3gyf\u00fcrd\u0151 Zrt. Munkahelyi Szakszervezete B\u00fckf\u00fcrd\u0151 6. Debreceni V\u00edzm\u0171 Dolgoz\u00f3k Munkahelyi Szakszervezete Debrecen 7. D\u00e9lzalai V\u00edz- \u00e9s Csatornam\u0171 Zrt. F\u00fcggetlen M. Szakszervezet Nagykanizsa 8. \u00c9rd \u00e9s T\u00e9rs\u00e9ge V\u00edzik\u00f6zm\u0171 Kft&#8230;.<\/p>\n","protected":false},"author":1,"featured_media":0,"parent":0,"menu_order":0,"comment_status":"closed","ping_status":"closed","template":"","meta":{"footnotes":""},"class_list":["post-133","page","type-page","status-publish","hentry"],"_links":{"self":[{"href":"https:\/\/vkdszsz.hu\/index.php?rest_route=\/wp\/v2\/pages\/133","targetHints":{"allow":["GET"]}}],"collection":[{"href":"https:\/\/vkdszsz.hu\/index.php?rest_route=\/wp\/v2\/pages"}],"about":[{"href":"https:\/\/vkdszsz.hu\/index.php?rest_route=\/wp\/v2\/types\/page"}],"author":[{"embeddable":true,"href":"https:\/\/vkdszsz.hu\/index.php?rest_route=\/wp\/v2\/users\/1"}],"replies":[{"embeddable":true,"href":"https:\/\/vkdszsz.hu\/index.php?rest_route=%2Fwp%2Fv2%2Fcomments&post=133"}],"version-history":[{"count":16,"href":"https:\/\/vkdszsz.hu\/index.php?rest_route=\/wp\/v2\/pages\/133\/revisions"}],"predecessor-version":[{"id":1726,"href":"https:\/\/vkdszsz.hu\/index.php?rest_route=\/wp\/v2\/pages\/133\/revisions\/1726"}],"wp:attachment":[{"href":"https:\/\/vkdszsz.hu\/index.php?rest_route=%2Fwp%2Fv2%2Fmedia&parent=133"}],"curies":[{"name":"wp","href":"https:\/\/api.w.org\/{rel}","templated":true}]}}